{"id":176,"date":"2018-02-16T12:53:58","date_gmt":"2018-02-16T12:53:58","guid":{"rendered":"http:\/\/szkolastraszyn.pruszczgdanski.pl\/?page_id=176"},"modified":"2018-02-16T12:53:58","modified_gmt":"2018-02-16T12:53:58","slug":"lata-1966-1988","status":"publish","type":"page","link":"https:\/\/szkolastraszyn.pruszczgdanski.pl\/?page_id=176","title":{"rendered":"lata 1966-1988"},"content":{"rendered":"\t\t<div data-elementor-type=\"wp-page\" data-elementor-id=\"176\" class=\"elementor elementor-176 elementor-bc-flex-widget\">\n\t\t\t\t\t\t<section class=\"elementor-section elementor-top-section elementor-element elementor-element-fd9331c elementor-section-boxed elementor-section-height-default elementor-section-height-default\" data-id=\"fd9331c\" data-element_type=\"section\" data-e-type=\"section\">\n\t\t\t\t\t\t<div class=\"elementor-container elementor-column-gap-default\">\n\t\t\t\t\t<div class=\"elementor-column elementor-col-100 elementor-top-column elementor-element elementor-element-c0eb9c5\" data-id=\"c0eb9c5\" data-element_type=\"column\" data-e-type=\"column\">\n\t\t\t<div class=\"elementor-widget-wrap elementor-element-populated\">\n\t\t\t\t\t\t<div class=\"elementor-element elementor-element-615e3db elementor-widget elementor-widget-heading\" data-id=\"615e3db\" data-element_type=\"widget\" data-e-type=\"widget\" data-widget_type=\"heading.default\">\n\t\t\t\t<div class=\"elementor-widget-container\">\n\t\t\t\t\t<h2 class=\"elementor-heading-title elementor-size-default\"><h1 style=\"font-size: 30px;margin-top: 20px;margin-bottom: 10px;, Arial, Tahoma, sans-serif;font-weight: 200;line-height: 1.1;font-style: normal;white-space: normal\">Lata 1966-1988<\/h1><\/h2>\t\t\t\t<\/div>\n\t\t\t\t<\/div>\n\t\t\t\t<div class=\"elementor-element elementor-element-765a865 elementor-widget elementor-widget-text-editor\" data-id=\"765a865\" data-element_type=\"widget\" data-e-type=\"widget\" data-widget_type=\"text-editor.default\">\n\t\t\t\t<div class=\"elementor-widget-container\">\n\t\t\t\t\t\t\t\t\t<p><span style=\"font-family: Arial;\">Mijaj\u0105 kolejne lata i toczy si\u0119 \u017cycie szkolne. Uczniowie uczestnicz\u0105 w konkursach i<span lang=\"en\">\u00a0<\/span>eliminacjach do olimpiad przedmiotowych pod opiek\u0105 swoich pedagog\u00f3w.<br \/>27 lutego 1967 roku odbywa si\u0119 w szkole w Straszynie powiatowy konkurs recytatorski. Pierwsze miejsce zaj\u0119\u0142a Irena Butkiewicz z klasy Va, drugie miejsce Gra\u017cyna Obsert z klasy VIIa i Marta Czerniak z klasy Via. Nale\u017cy wspomnie\u0107, \u017ce ucze\u0144 Wies\u0142aw Warza\u0142a rok wcze\u015bniej pi\u0119knie recytowa\u0142 wiersze na podobnych eliminacjach recytatorskich w szkole, p\u00f3\u017aniej uczestniczy\u0142 w Og\u00f3lnopolskim Konkursie Poezji w Koszalinie. By\u0142 to ogromny sukces naszej szko\u0142y.<\/span><\/p><p>W 1968 roku odesz\u0142a na emerytur\u0119 wspania\u0142a wychowawczyni kilu pokole\u0144 p. Maria Cabaj. M\u0142odzie\u017c przygotowa\u0142a dla jubilatki samodzielnie opracowany program.<\/p><p>W 1968 roku odchodzi ze szko\u0142y p. Henryk Kleinzeller, wspania\u0142y organizator harcerstwa, mi\u0142o\u015bnik bada\u0144 archeologicznych dotycz\u0105cych kultury i gospodarki ludno\u015bci pomorskiej (s\u0142ynne wykopaliska w 1966 roku na terenie Pruszcza i okolic i samego Straszyna).<\/p><p>Dwie dru\u017cyny harcerskie &#8211; dziewcz\u0119ca 15 Dru\u017cyna Harcerek im. Kr\u00f3lowej Jadwigi oraz 45<span lang=\"en\">\u00a0<\/span>Dru\u017cyna Harcerzy im M.<span lang=\"en\">\u00a0<\/span>Zaruskiego z naszej szko\u0142y gra\u0142y udzia\u0142 we wszystkich imprezach organizowanych przez hufiec i bardzo liczy\u0142y si\u0119 na terenie powiatu. Jedn\u0105 z udanych, w\u0142asnych imprez, na kt\u00f3re zapraszano dzieci z innych dru\u017cyn by\u0142y Mistrzostwa Hufca w<span lang=\"en\">\u00a0<\/span>Sportach Zimowych.<br \/>Nasza dru\u017cyna zdoby\u0142a na w\u0142asno\u015b\u0107 przechodni puchar im. Pudlisa w eliminacjach pi\u0142ki r\u0119cznej.<br \/>Obie dru\u017cyny harcerskie pod opiek\u0105 pa\u0144stwa Bronis\u0142awy i Henryka Kleinzeller uczestniczy\u0142y w w\u0119dr\u00f3wkach, badaniach archeologicznych, biwakach, zlotach, rajdach, np.<span lang=\"en\">\u00a0<\/span>zorganizowano Rajd Brzegami Raduni (od uj\u015bcia do \u017ar\u00f3de\u0142) zako\u0144czony przyrzeczeniem harcerskim.<\/p><p><span style=\"font-family: Arial; text-indent: 0em;\">Dzia\u0142alno\u015b\u0107 ch\u00f3ru przy Szkole Podstawowej si\u0119ga pocz\u0105tk\u00f3w tej plac\u00f3wki. Dzieci \u015bpiewa\u0142y naprawd\u0119 pi\u0119knie. Najpierw pod kierunkiem pani Ewy Majkowskiej, a<\/span><span lang=\"en\" style=\"font-family: Arial; text-indent: 0em;\">\u00a0<\/span><span style=\"font-family: Arial; text-indent: 0em;\">nast\u0119pnie pani Cecylii Bemowskiej.<\/span><\/p>\t\t\t\t\t\t\t\t<\/div>\n\t\t\t\t<\/div>\n\t\t\t\t<div class=\"elementor-element elementor-element-8738db3 elementor-widget elementor-widget-image-gallery\" data-id=\"8738db3\" data-element_type=\"widget\" data-e-type=\"widget\" data-widget_type=\"image-gallery.default\">\n\t\t\t\t<div class=\"elementor-widget-container\">\n\t\t\t\t\t\t\t<div class=\"elementor-image-gallery\">\n\t\t\t<div id=\"kad-wp-gallery74\" class=\"kad-wp-gallery kad-light-wp-gallery clearfix kt-gallery-column-1 rowtight\"><div class=\"tcol-lg-12 tcol-md-12 tcol-sm-12 tcol-xs-12 tcol-ss-12 g_item\"><div class=\"grid_item kad_gallery_fade_in gallery_item\"><a href=\"https:\/\/szkolastraszyn.pruszczgdanski.pl\/wp-content\/uploads\/2018\/02\/zajcbem-1412149626.jpg\" data-rel=\"lightbox\" class=\"lightboxhover\"><img fetchpriority=\"high\" decoding=\"async\" src=\"https:\/\/szkolastraszyn.pruszczgdanski.pl\/wp-content\/uploads\/2018\/02\/zajcbem-1412149626.jpg\" width=\"450\" height=\"283\" alt=\"Zaj\u0119cia prowadzone przez pani\u0105 Cecyli\u0119 Bemowsk\u0105\" srcset=\"https:\/\/szkolastraszyn.pruszczgdanski.pl\/wp-content\/uploads\/2018\/02\/zajcbem-1412149626.jpg 450w, https:\/\/szkolastraszyn.pruszczgdanski.pl\/wp-content\/uploads\/2018\/02\/zajcbem-1412149626-300x189.jpg 300w\" sizes=\"(max-width: 450px) 100vw, 450px\" class=\"light-dropshaddow\"\/><\/a><\/div><\/div><\/div>\t\t<\/div>\n\t\t\t\t\t\t<\/div>\n\t\t\t\t<\/div>\n\t\t\t\t<div class=\"elementor-element elementor-element-3eb577c elementor-widget elementor-widget-text-editor\" data-id=\"3eb577c\" data-element_type=\"widget\" data-e-type=\"widget\" data-widget_type=\"text-editor.default\">\n\t\t\t\t<div class=\"elementor-widget-container\">\n\t\t\t\t\t\t\t\t\t<p style=\"margin-bottom: 10px; font-family: 'Source Sans Pro', Arial, Tahoma, sans-serif; color: #333333; font-size: 14px; font-style: normal; font-variant-ligatures: normal; font-variant-caps: normal; font-weight: 400; text-indent: 0px; background-color: #ffffff; text-align: left;\" align=\"center\"><span style=\"color: #808080;\">W 1971 roku ch\u00f3r szkolny w powiatowych eliminacjach zdoby\u0142 trzecie miejsce, a<span lang=\"en\">\u00a0<\/span>1<span lang=\"en\">\u00a0<\/span>maja 1971 roku 15 Dru\u017cyna Harcerek &#8222;wy\u015bpiewa\u0142a&#8221; pierwsze miejsce w konkursie piosenki harcerskiej Hufca Pruszcz Gda\u0144ski.<\/span><br \/><br \/><span style=\"color: #808080;\">W 1970 roku zacz\u0119\u0142o sw\u0105 dzia\u0142alno\u015b\u0107 k\u00f3\u0142ko geograficzne pod kierunkiem p. Marii Celeb\u0105k. Dzieci zwiedza\u0142y ciekawe miejsca naszego regionu, poznawa\u0142y histori\u0119 i geografi\u0119 w<span lang=\"en\">\u00a0<\/span>bezpo\u015brednim kontakcie z przyrod\u0105 i lud\u017ami.<\/span><\/p><p style=\"margin-bottom: 10px; font-family: 'Source Sans Pro', Arial, Tahoma, sans-serif; color: #333333; font-size: 14px; font-style: normal; font-variant-ligatures: normal; font-variant-caps: normal; font-weight: 400; text-indent: 0px; background-color: #ffffff; text-align: left;\" align=\"center\"><span style=\"color: #808080;\">W 1971 roku ch\u00f3r szkolny w powiatowych eliminacjach zdoby\u0142 trzecie miejsce, a<span lang=\"en\">\u00a0<\/span>1<span lang=\"en\">\u00a0<\/span>maja 1971 roku 15 Dru\u017cyna Harcerek &#8222;wy\u015bpiewa\u0142a&#8221; pierwsze miejsce w konkursie piosenki harcerskiej Hufca Pruszcz Gda\u0144ski.<\/span><br \/><br \/><span style=\"color: #808080;\">W 1970 roku zacz\u0119\u0142o sw\u0105 dzia\u0142alno\u015b\u0107 k\u00f3\u0142ko geograficzne pod kierunkiem p. Marii Celeb\u0105k. Dzieci zwiedza\u0142y ciekawe miejsca naszego regionu, poznawa\u0142y histori\u0119 i geografi\u0119 w<span lang=\"en\">\u00a0<\/span>bezpo\u015brednim kontakcie z przyrod\u0105 i lud\u017ami.<\/span><\/p>\t\t\t\t\t\t\t\t<\/div>\n\t\t\t\t<\/div>\n\t\t\t\t<div class=\"elementor-element elementor-element-e118d22 elementor-widget elementor-widget-image-gallery\" data-id=\"e118d22\" data-element_type=\"widget\" data-e-type=\"widget\" data-widget_type=\"image-gallery.default\">\n\t\t\t\t<div class=\"elementor-widget-container\">\n\t\t\t\t\t\t\t<div class=\"elementor-image-gallery\">\n\t\t\t<div id=\"kad-wp-gallery62\" class=\"kad-wp-gallery kad-light-wp-gallery clearfix kt-gallery-column-1 rowtight\"><div class=\"tcol-lg-12 tcol-md-12 tcol-sm-12 tcol-xs-12 tcol-ss-12 g_item\"><div class=\"grid_item kad_gallery_fade_in gallery_item\"><a href=\"https:\/\/szkolastraszyn.pruszczgdanski.pl\/wp-content\/uploads\/2018\/02\/kulig.jpg\" data-rel=\"lightbox\" class=\"lightboxhover\"><img decoding=\"async\" src=\"https:\/\/szkolastraszyn.pruszczgdanski.pl\/wp-content\/uploads\/2018\/02\/kulig.jpg\" width=\"500\" height=\"365\" alt=\"Kulig zorganizowany w ramach k\u00f3\u0142ka geograficznego.\" srcset=\"https:\/\/szkolastraszyn.pruszczgdanski.pl\/wp-content\/uploads\/2018\/02\/kulig.jpg 500w, https:\/\/szkolastraszyn.pruszczgdanski.pl\/wp-content\/uploads\/2018\/02\/kulig-300x219.jpg 300w, https:\/\/szkolastraszyn.pruszczgdanski.pl\/wp-content\/uploads\/2018\/02\/kulig-411x300.jpg 411w\" sizes=\"(max-width: 500px) 100vw, 500px\" class=\"light-dropshaddow\"\/><\/a><\/div><\/div><\/div>\t\t<\/div>\n\t\t\t\t\t\t<\/div>\n\t\t\t\t<\/div>\n\t\t\t\t<div class=\"elementor-element elementor-element-e938ba7 elementor-widget elementor-widget-text-editor\" data-id=\"e938ba7\" data-element_type=\"widget\" data-e-type=\"widget\" data-widget_type=\"text-editor.default\">\n\t\t\t\t<div class=\"elementor-widget-container\">\n\t\t\t\t\t\t\t\t\t<p style=\"margin-bottom: 10px; font-family: 'Source Sans Pro', Arial, Tahoma, sans-serif; color: #333333; font-size: 14px; font-style: normal; font-variant-ligatures: normal; font-variant-caps: normal; font-weight: 400; text-indent: 0px; background-color: #ffffff;\" align=\"justify\"><span style=\"font-family: Arial;\">W 1972 roku dyrektorem szko\u0142y zosta\u0142 p. Tadeusz Ja\u0142oszy\u0144ski, a zast\u0119pc\u0105 ceniona nauczycielka p.<span lang=\"en\">\u00a0<\/span>Halina Ostrowska.<\/span><\/p>\t\t\t\t\t\t\t\t<\/div>\n\t\t\t\t<\/div>\n\t\t\t\t<div class=\"elementor-element elementor-element-c2e7c9e elementor-widget elementor-widget-image-gallery\" data-id=\"c2e7c9e\" data-element_type=\"widget\" data-e-type=\"widget\" data-widget_type=\"image-gallery.default\">\n\t\t\t\t<div class=\"elementor-widget-container\">\n\t\t\t\t\t\t\t<div class=\"elementor-image-gallery\">\n\t\t\t<div id=\"kad-wp-gallery59\" class=\"kad-wp-gallery kad-light-wp-gallery clearfix kt-gallery-column-1 rowtight\"><div class=\"tcol-lg-12 tcol-md-12 tcol-sm-12 tcol-xs-12 tcol-ss-12 g_item\"><div class=\"grid_item kad_gallery_fade_in gallery_item\"><a href=\"https:\/\/szkolastraszyn.pruszczgdanski.pl\/wp-content\/uploads\/2018\/02\/grono-1971.jpg\" data-rel=\"lightbox\" class=\"lightboxhover\"><img decoding=\"async\" src=\"https:\/\/szkolastraszyn.pruszczgdanski.pl\/wp-content\/uploads\/2018\/02\/grono-1971.jpg\" width=\"481\" height=\"351\" alt=\"Grono pedagogiczne\" srcset=\"https:\/\/szkolastraszyn.pruszczgdanski.pl\/wp-content\/uploads\/2018\/02\/grono-1971.jpg 481w, https:\/\/szkolastraszyn.pruszczgdanski.pl\/wp-content\/uploads\/2018\/02\/grono-1971-300x219.jpg 300w, https:\/\/szkolastraszyn.pruszczgdanski.pl\/wp-content\/uploads\/2018\/02\/grono-1971-411x300.jpg 411w, https:\/\/szkolastraszyn.pruszczgdanski.pl\/wp-content\/uploads\/2018\/02\/grono-1971-480x351.jpg 480w\" sizes=\"(max-width: 481px) 100vw, 481px\" class=\"light-dropshaddow\"\/><\/a><\/div><\/div><\/div>\t\t<\/div>\n\t\t\t\t\t\t<\/div>\n\t\t\t\t<\/div>\n\t\t\t\t<div class=\"elementor-element elementor-element-601415f elementor-widget elementor-widget-text-editor\" data-id=\"601415f\" data-element_type=\"widget\" data-e-type=\"widget\" data-widget_type=\"text-editor.default\">\n\t\t\t\t<div class=\"elementor-widget-container\">\n\t\t\t\t\t\t\t\t\t<p style=\"margin-bottom: 10px; font-family: 'Source Sans Pro', Arial, Tahoma, sans-serif; color: #333333; font-size: 14px; font-style: normal; font-variant-ligatures: normal; font-variant-caps: normal; font-weight: 400; text-indent: 0px; background-color: #ffffff;\" align=\"justify\"><span style=\"font-family: Arial;\">Szko\u0142a wsp\u00f3\u0142pracowa\u0142a z zak\u0142adem patronackim, tj.<span lang=\"en\">\u00a0<\/span>Zespo\u0142em Elektrowni Wodnych w Straszynie i<span lang=\"en\">\u00a0<\/span>Rad\u0105 So\u0142eck\u0105, a tak\u017ce nawi\u0105za\u0142a kontakty z<span lang=\"en\">\u00a0<\/span>zak\u0142adami, kt\u00f3re organizowa\u0142y kolonie w obiekcie szkolnym. Dzi\u0119ki tej wsp\u00f3\u0142pracy uda\u0142o si\u0119 wybudowa\u0107 drog\u0119 dojazdow\u0105 do szko\u0142y wraz z<span lang=\"en\">\u00a0<\/span>chodnikiem, zbudowano zaplecze tzw. budynek gospodarczy, doprowadzono miejsk\u0105 sie\u0107 wodoci\u0105gow\u0105, powsta\u0142o boisko sportowe. Zadbano r\u00f3wnie\u017c o tereny zielone wok\u00f3\u0142 szko\u0142y.<\/span><\/p>\t\t\t\t\t\t\t\t<\/div>\n\t\t\t\t<\/div>\n\t\t\t\t<div class=\"elementor-element elementor-element-e2003ff elementor-widget elementor-widget-image-gallery\" data-id=\"e2003ff\" data-element_type=\"widget\" data-e-type=\"widget\" data-widget_type=\"image-gallery.default\">\n\t\t\t\t<div class=\"elementor-widget-container\">\n\t\t\t\t\t\t\t<div class=\"elementor-image-gallery\">\n\t\t\t<div id=\"kad-wp-gallery82\" class=\"kad-wp-gallery kad-light-wp-gallery clearfix kt-gallery-column-1 rowtight\"><div class=\"tcol-lg-12 tcol-md-12 tcol-sm-12 tcol-xs-12 tcol-ss-12 g_item\"><div class=\"grid_item kad_gallery_fade_in gallery_item\"><a href=\"https:\/\/szkolastraszyn.pruszczgdanski.pl\/wp-content\/uploads\/2018\/02\/ndroga.jpg\" data-rel=\"lightbox\" class=\"lightboxhover\"><img loading=\"lazy\" decoding=\"async\" src=\"https:\/\/szkolastraszyn.pruszczgdanski.pl\/wp-content\/uploads\/2018\/02\/ndroga.jpg\" width=\"500\" height=\"327\" alt=\"Nowa pi\u0119kna droga do naszej szko\u0142y\" srcset=\"https:\/\/szkolastraszyn.pruszczgdanski.pl\/wp-content\/uploads\/2018\/02\/ndroga.jpg 500w, https:\/\/szkolastraszyn.pruszczgdanski.pl\/wp-content\/uploads\/2018\/02\/ndroga-300x196.jpg 300w, https:\/\/szkolastraszyn.pruszczgdanski.pl\/wp-content\/uploads\/2018\/02\/ndroga-459x300.jpg 459w\" sizes=\"(max-width: 500px) 100vw, 500px\" class=\"light-dropshaddow\"\/><\/a><\/div><\/div><\/div>\t\t<\/div>\n\t\t\t\t\t\t<\/div>\n\t\t\t\t<\/div>\n\t\t\t\t<div class=\"elementor-element elementor-element-388aa9c elementor-widget elementor-widget-text-editor\" data-id=\"388aa9c\" data-element_type=\"widget\" data-e-type=\"widget\" data-widget_type=\"text-editor.default\">\n\t\t\t\t<div class=\"elementor-widget-container\">\n\t\t\t\t\t\t\t\t\t<p style=\"margin-bottom: 10px; font-family: 'Source Sans Pro', Arial, Tahoma, sans-serif; color: #333333; font-size: 14px; font-style: normal; font-variant-ligatures: normal; font-variant-caps: normal; font-weight: 400; text-indent: 0px; background-color: #ffffff;\" align=\"justify\"><span style=\"font-family: Arial;\">W szkole \u017cywe s\u0105 tradycje sportowe. W 1975 roku dziewcz\u0119ta i ch\u0142opcy zdobyli wicemistrzostwo powiatu w pi\u0142ce siatkowej. Zakwalifikowali si\u0119 do Igrzysk Wojew\u00f3dzkich. Na Olimpiadzie Powiatowej uczennica G. Smolnik zdoby\u0142a srebrny medal w biegu na 800 m, ucze\u0144 W. Si\u0107ko zaj\u0105\u0142 czwarte miejsce w rzucie oszczepem, a S. Faliszewski w pchni\u0119ciu kul\u0105 uzyska\u0142 pi\u0105te miejsce.<br \/>Nauczyciele te\u017c nie stronili od sportu. W sk\u0142ad dru\u017cyny weszli:<\/span><\/p><center style=\"color: #333333; font-family: 'Source Sans Pro', Arial, Tahoma, sans-serif; font-size: 14px; background-color: #ffffff;\"><p style=\"margin-bottom: 10px; font-family: 'Source Sans Pro', Arial, Tahoma, sans-serif;\"><span style=\"font-family: Arial;\">dyrektor szko\u0142y Tadeusz Ja\u0142oszy\u0144ski,<br \/>Danuta Leszczy\u0144ska,<br \/>Roger Biedrzycki,<br \/>a tak\u017ce pracownik szko\u0142y Zbigniew Wojtal.<\/span><\/p><\/center><p style=\"margin-bottom: 10px; font-family: 'Source Sans Pro', Arial, Tahoma, sans-serif; color: #333333; font-size: 14px; font-style: normal; font-variant-ligatures: normal; font-variant-caps: normal; font-weight: 400; text-indent: 0px; background-color: #ffffff;\" align=\"justify\"><span style=\"font-family: Arial;\">W 1978 roku w turnieju pi\u0142ki siatkowej nauczyciele wywalczyli puchar Przewodnicz\u0105cego Miejskiej i Gminnej Rady Narodowej w Pruszczu Gda\u0144skim.<br \/>M\u0142odzie\u017c naszej szko\u0142y wsp\u00f3\u0142pracowa\u0142a z Klubem &#8222;Ruchu&#8221; i organizowa\u0142a wiele uroczysto\u015bci mi\u0119dzy innymi Dni O\u015bwiaty, Ksi\u0105\u017cki i Prasy. Przy bibliotece szkolnej dzia\u0142a k\u00f3\u0142ko recytatorskie prowadzone przez p. Iren\u0119 Skibick\u0105, kt\u00f3ra przygotowa\u0142a inscenizacj\u0105 wielu pi\u0119knych bajek.<\/span><\/p>\t\t\t\t\t\t\t\t<\/div>\n\t\t\t\t<\/div>\n\t\t\t\t<div class=\"elementor-element elementor-element-478930a elementor-widget elementor-widget-image-gallery\" data-id=\"478930a\" data-element_type=\"widget\" data-e-type=\"widget\" data-widget_type=\"image-gallery.default\">\n\t\t\t\t<div class=\"elementor-widget-container\">\n\t\t\t\t\t\t\t<div class=\"elementor-image-gallery\">\n\t\t\t<div id=\"kad-wp-gallery34\" class=\"kad-wp-gallery kad-light-wp-gallery clearfix kt-gallery-column-1 rowtight\"><div class=\"tcol-lg-12 tcol-md-12 tcol-sm-12 tcol-xs-12 tcol-ss-12 g_item\"><div class=\"grid_item kad_gallery_fade_in gallery_item\"><a href=\"https:\/\/szkolastraszyn.pruszczgdanski.pl\/wp-content\/uploads\/2018\/02\/czerw-kap.jpg\" data-rel=\"lightbox\" class=\"lightboxhover\"><img loading=\"lazy\" decoding=\"async\" src=\"https:\/\/szkolastraszyn.pruszczgdanski.pl\/wp-content\/uploads\/2018\/02\/czerw-kap.jpg\" width=\"250\" height=\"304\" alt=\"Przedstawienie &quot;Czerwony Kapturek&quot;\" srcset=\"https:\/\/szkolastraszyn.pruszczgdanski.pl\/wp-content\/uploads\/2018\/02\/czerw-kap.jpg 250w, https:\/\/szkolastraszyn.pruszczgdanski.pl\/wp-content\/uploads\/2018\/02\/czerw-kap-247x300.jpg 247w\" sizes=\"(max-width: 250px) 100vw, 250px\" class=\"light-dropshaddow\"\/><\/a><\/div><\/div><\/div>\t\t<\/div>\n\t\t\t\t\t\t<\/div>\n\t\t\t\t<\/div>\n\t\t\t\t<div class=\"elementor-element elementor-element-df90554 elementor-widget elementor-widget-text-editor\" data-id=\"df90554\" data-element_type=\"widget\" data-e-type=\"widget\" data-widget_type=\"text-editor.default\">\n\t\t\t\t<div class=\"elementor-widget-container\">\n\t\t\t\t\t\t\t\t\t<p><span style=\"color: #333333; font-family: Arial; font-size: 14px; font-style: normal; font-variant-ligatures: normal; font-variant-caps: normal; font-weight: 400; text-align: justify; background-color: #ffffff;\">Biblioteka szkolna prowadzi\u0142a \u015bcis\u0142\u0105 wsp\u00f3\u0142prac\u0119 z Gromadzk\u0105 Bibliotek\u0105 w Straszynie.<\/span><br style=\"color: #333333; font-family: Arial; font-size: 14px; text-align: justify; background-color: #ffffff;\" \/><span style=\"color: #333333; font-family: Arial; font-size: 14px; font-style: normal; font-variant-ligatures: normal; font-variant-caps: normal; font-weight: 400; text-align: justify; background-color: #ffffff;\">W 1975 roku nadszed\u0142 &#8222;ma\u0142y jubileusz&#8221;. Min\u0119\u0142o dziesi\u0119\u0107 lat od wybudowania nowego obiektu, kt\u00f3ry staraniem nauczycieli i uczni\u00f3w wypi\u0119knia\u0142.<\/span><br style=\"color: #333333; font-family: Arial; font-size: 14px; text-align: justify; background-color: #ffffff;\" \/><br style=\"color: #333333; font-family: Arial; font-size: 14px; text-align: justify; background-color: #ffffff;\" \/><span style=\"color: #333333; font-family: Arial; font-size: 14px; font-style: normal; font-variant-ligatures: normal; font-variant-caps: normal; font-weight: 400; text-align: justify; background-color: #ffffff;\">Szko\u0142a go\u015bci\u0142a w swych podwojach s\u0142ynnych ludzi: literata Franciszka Fenikowskiego (1975), \u017ceglarza Leonida Telig\u0119 (1972), redaktora Micha\u0142a Sumi\u0144skiego (1984) &#8211; autora programu telewizyjnego &#8222;Zwierzyniec&#8221;, aktora Teatru &#8222;Wybrze\u017ce&#8221; &#8211; Zbigniewa \u0141obodzi\u0144skiego (1980), S\u0142ynn\u0105 \u017ceglark\u0119 Krystyn\u0119 Chojnowsk\u0105 &#8211; Liskiewicz (1981), aktora Teatru &#8222;Syrena&#8221; w Warszawie Andrzeja Szajewskiego (1985).<\/span><\/p>\t\t\t\t\t\t\t\t<\/div>\n\t\t\t\t<\/div>\n\t\t\t\t<div class=\"elementor-element elementor-element-9b682e0 elementor-widget elementor-widget-image-gallery\" data-id=\"9b682e0\" data-element_type=\"widget\" data-e-type=\"widget\" data-widget_type=\"image-gallery.default\">\n\t\t\t\t<div class=\"elementor-widget-container\">\n\t\t\t\t\t\t\t<div class=\"elementor-image-gallery\">\n\t\t\t<div id=\"kad-wp-gallery12\" class=\"kad-wp-gallery kad-light-wp-gallery clearfix kt-gallery-column-1 rowtight\"><div class=\"tcol-lg-12 tcol-md-12 tcol-sm-12 tcol-xs-12 tcol-ss-12 g_item\"><div class=\"grid_item kad_gallery_fade_in gallery_item\"><a href=\"https:\/\/szkolastraszyn.pruszczgdanski.pl\/wp-content\/uploads\/2018\/02\/zeglarkal.jpg\" data-rel=\"lightbox\" class=\"lightboxhover\"><img loading=\"lazy\" decoding=\"async\" src=\"https:\/\/szkolastraszyn.pruszczgdanski.pl\/wp-content\/uploads\/2018\/02\/zeglarkal.jpg\" width=\"250\" height=\"335\" alt=\"W kr\u0119gu z \u017ceglark\u0105 Krystyn\u0105 Chojnowsk\u0105 - Liskiewicz.\" srcset=\"https:\/\/szkolastraszyn.pruszczgdanski.pl\/wp-content\/uploads\/2018\/02\/zeglarkal.jpg 250w, https:\/\/szkolastraszyn.pruszczgdanski.pl\/wp-content\/uploads\/2018\/02\/zeglarkal-224x300.jpg 224w\" sizes=\"(max-width: 250px) 100vw, 250px\" class=\"light-dropshaddow\"\/><\/a><\/div><\/div><\/div>\t\t<\/div>\n\t\t\t\t\t\t<\/div>\n\t\t\t\t<\/div>\n\t\t\t\t<div class=\"elementor-element elementor-element-4600eed elementor-widget elementor-widget-text-editor\" data-id=\"4600eed\" data-element_type=\"widget\" data-e-type=\"widget\" data-widget_type=\"text-editor.default\">\n\t\t\t\t<div class=\"elementor-widget-container\">\n\t\t\t\t\t\t\t\t\t<p style=\"margin-bottom: 10px; font-family: 'Source Sans Pro', Arial, Tahoma, sans-serif; color: #333333; font-size: 14px; font-style: normal; font-variant-ligatures: normal; font-variant-caps: normal; font-weight: 400; text-indent: 0px; background-color: #ffffff;\" align=\"justify\"><span style=\"font-family: Arial;\">W 1981 roku w szkole powsta\u0142 zesp\u00f3\u0142 wokalno &#8211; taneczny o wdzi\u0119cznej nazwie &#8222;Maczki&#8221;, prowadzony przez p. Barbar\u0119 Biedrzyck\u0105 &#8211; nauczycielk\u0119 muzyki. Na przegl\u0105dzie rejonowym Zespo\u0142\u00f3w Artystycznych w Domu Kultury w Pruszczu Gda\u0144skim zaj\u0105\u0142 on w 1984 roku pierwsze miejsce i przeszed\u0142 do eliminacji wojew\u00f3dzkich, w kt\u00f3rych zaj\u0105\u0142 drugie miejsce i<span lang=\"en\">\u00a0<\/span>uzyska\u0142 nagrod\u0119 pieni\u0119\u017cn\u0105.<\/span><\/p>\t\t\t\t\t\t\t\t<\/div>\n\t\t\t\t<\/div>\n\t\t\t\t<div class=\"elementor-element elementor-element-374f735 elementor-widget elementor-widget-image-gallery\" data-id=\"374f735\" data-element_type=\"widget\" data-e-type=\"widget\" data-widget_type=\"image-gallery.default\">\n\t\t\t\t<div class=\"elementor-widget-container\">\n\t\t\t\t\t\t\t<div class=\"elementor-image-gallery\">\n\t\t\t<div id=\"kad-wp-gallery31\" class=\"kad-wp-gallery kad-light-wp-gallery clearfix kt-gallery-column-1 rowtight\"><div class=\"tcol-lg-12 tcol-md-12 tcol-sm-12 tcol-xs-12 tcol-ss-12 g_item\"><div class=\"grid_item kad_gallery_fade_in gallery_item\"><a href=\"https:\/\/szkolastraszyn.pruszczgdanski.pl\/wp-content\/uploads\/2018\/02\/maczki.jpg\" data-rel=\"lightbox\" class=\"lightboxhover\"><img loading=\"lazy\" decoding=\"async\" src=\"https:\/\/szkolastraszyn.pruszczgdanski.pl\/wp-content\/uploads\/2018\/02\/maczki.jpg\" width=\"300\" height=\"255\" alt=\"Zesp\u00f3\u0142 &quot;Maczki&quot; w czasie wyst\u0119pu\"  class=\"light-dropshaddow\"\/><\/a><\/div><\/div><\/div>\t\t<\/div>\n\t\t\t\t\t\t<\/div>\n\t\t\t\t<\/div>\n\t\t\t\t<div class=\"elementor-element elementor-element-9bdb723 elementor-widget elementor-widget-text-editor\" data-id=\"9bdb723\" data-element_type=\"widget\" data-e-type=\"widget\" data-widget_type=\"text-editor.default\">\n\t\t\t\t<div class=\"elementor-widget-container\">\n\t\t\t\t\t\t\t\t\t<p><span style=\"color: #333333; font-family: Arial; font-size: 14px; font-style: normal; font-variant-ligatures: normal; font-variant-caps: normal; font-weight: 400; text-align: justify; background-color: #ffffff;\">Na terenie szko\u0142y zorganizowano w 1986 roku bardzo ciekawy cykl spotka\u0144 pt.\u00a0<\/span><i style=\"color: #333333; font-family: Arial; font-size: 14px; font-variant-ligatures: normal; font-variant-caps: normal; font-weight: 400; text-align: justify; background-color: #ffffff;\">&#8221; Ma\u0142a Akademia Jazzu&#8221;.\u00a0<\/i><span style=\"color: #333333; font-family: Arial; font-size: 14px; font-style: normal; font-variant-ligatures: normal; font-variant-caps: normal; font-weight: 400; text-align: justify; background-color: #ffffff;\">Wielcy jazzmani polskiej sceny m\u00f3wili o muzyce w prelekcjach pt.\u00a0<\/span><i style=\"color: #333333; font-family: Arial; font-size: 14px; font-variant-ligatures: normal; font-variant-caps: normal; font-weight: 400; text-align: justify; background-color: #ffffff;\">&#8222;Flet i<span lang=\"en\">\u00a0<\/span>folklor w jazzie&#8221;, &#8222;Graj\u0105cy komputer&#8221;, &#8222;Czas na kontrabas&#8221;<\/i><span style=\"color: #333333; font-family: Arial; font-size: 14px; font-style: normal; font-variant-ligatures: normal; font-variant-caps: normal; font-weight: 400; text-align: justify; background-color: #ffffff;\">\u00a0i innych.<\/span><br style=\"color: #333333; font-family: Arial; font-size: 14px; text-align: justify; background-color: #ffffff;\" \/><span style=\"color: #333333; font-family: Arial; font-size: 14px; font-style: normal; font-variant-ligatures: normal; font-variant-caps: normal; font-weight: 400; text-align: justify; background-color: #ffffff;\">Wiele spotka\u0144 prowadzi\u0142 Andrzej Jaroszewski, znany z radia i telewizji redaktor muzyczny.<\/span><\/p>\t\t\t\t\t\t\t\t<\/div>\n\t\t\t\t<\/div>\n\t\t\t\t\t<\/div>\n\t\t<\/div>\n\t\t\t\t\t<\/div>\n\t\t<\/section>\n\t\t\t\t<\/div>\n\t\t","protected":false},"excerpt":{"rendered":"<p>Lata 1966-1988 Mijaj\u0105 kolejne lata i toczy si\u0119 \u017cycie szkolne. Uczniowie uczestnicz\u0105 w konkursach i\u00a0eliminacjach do olimpiad przedmiotowych pod opiek\u0105 swoich pedagog\u00f3w.27 lutego 1967 roku odbywa si\u0119 w szkole w Straszynie powiatowy konkurs recytatorski. Pierwsze miejsce zaj\u0119\u0142a Irena Butkiewicz z klasy Va, drugie miejsce Gra\u017cyna Obsert z klasy VIIa i Marta Czerniak z klasy Via. Nale\u017cy wspomnie\u0107, \u017ce ucze\u0144 Wies\u0142aw Warza\u0142a rok wcze\u015bniej pi\u0119knie recytowa\u0142 wiersze na podobnych eliminacjach recytatorskich w szkole, p\u00f3\u017aniej uczestniczy\u0142 w Og\u00f3lnopolskim Konkursie Poezji w Koszalinie. By\u0142 to ogromny sukces naszej szko\u0142y. W 1968 roku odesz\u0142a na emerytur\u0119 wspania\u0142a wychowawczyni kilu pokole\u0144 p. Maria Cabaj. M\u0142odzie\u017c przygotowa\u0142a dla jubilatki samodzielnie opracowany program. W 1968 roku odchodzi ze szko\u0142y p. Henryk Kleinzeller, wspania\u0142y organizator harcerstwa, mi\u0142o\u015bnik bada\u0144 archeologicznych dotycz\u0105cych kultury i gospodarki ludno\u015bci pomorskiej (s\u0142ynne wykopaliska w 1966 roku na terenie Pruszcza i okolic i samego Straszyna). Dwie dru\u017cyny harcerskie &#8211; dziewcz\u0119ca 15 Dru\u017cyna Harcerek im. Kr\u00f3lowej Jadwigi oraz 45\u00a0Dru\u017cyna Harcerzy im M.\u00a0Zaruskiego z naszej szko\u0142y gra\u0142y udzia\u0142 we wszystkich imprezach organizowanych przez hufiec i bardzo liczy\u0142y si\u0119 na terenie powiatu. Jedn\u0105 z udanych, w\u0142asnych imprez, na kt\u00f3re zapraszano dzieci z innych dru\u017cyn by\u0142y Mistrzostwa Hufca w\u00a0Sportach Zimowych.Nasza dru\u017cyna zdoby\u0142a na w\u0142asno\u015b\u0107 przechodni puchar im. Pudlisa w eliminacjach pi\u0142ki r\u0119cznej.Obie dru\u017cyny harcerskie pod opiek\u0105 pa\u0144stwa Bronis\u0142awy i Henryka Kleinzeller uczestniczy\u0142y w w\u0119dr\u00f3wkach, badaniach archeologicznych, biwakach, zlotach, rajdach, np.\u00a0zorganizowano Rajd Brzegami Raduni (od uj\u015bcia do \u017ar\u00f3de\u0142) zako\u0144czony przyrzeczeniem harcerskim. Dzia\u0142alno\u015b\u0107 ch\u00f3ru przy Szkole Podstawowej si\u0119ga pocz\u0105tk\u00f3w tej plac\u00f3wki. Dzieci \u015bpiewa\u0142y naprawd\u0119 pi\u0119knie. Najpierw pod kierunkiem pani Ewy Majkowskiej, a\u00a0nast\u0119pnie pani Cecylii Bemowskiej. Zaj\u0119cia prowadzone przez pani\u0105 Cecyli\u0119 Bemowsk\u0105 W 1971 roku ch\u00f3r szkolny w powiatowych eliminacjach zdoby\u0142 trzecie miejsce, a\u00a01\u00a0maja 1971 roku 15 Dru\u017cyna Harcerek &#8222;wy\u015bpiewa\u0142a&#8221; pierwsze miejsce w konkursie piosenki harcerskiej Hufca Pruszcz Gda\u0144ski. W 1970 roku zacz\u0119\u0142o sw\u0105 dzia\u0142alno\u015b\u0107 k\u00f3\u0142ko geograficzne pod kierunkiem p. Marii Celeb\u0105k. Dzieci zwiedza\u0142y ciekawe miejsca naszego regionu, poznawa\u0142y histori\u0119 i geografi\u0119 w\u00a0bezpo\u015brednim kontakcie z przyrod\u0105 i lud\u017ami. W 1971 roku ch\u00f3r szkolny w powiatowych eliminacjach zdoby\u0142 trzecie miejsce, a\u00a01\u00a0maja 1971 roku 15 Dru\u017cyna Harcerek &#8222;wy\u015bpiewa\u0142a&#8221; pierwsze miejsce w konkursie piosenki harcerskiej Hufca Pruszcz Gda\u0144ski. W 1970 roku zacz\u0119\u0142o sw\u0105 dzia\u0142alno\u015b\u0107 k\u00f3\u0142ko geograficzne pod kierunkiem p. Marii Celeb\u0105k. Dzieci zwiedza\u0142y ciekawe miejsca naszego regionu, poznawa\u0142y histori\u0119 i geografi\u0119 w\u00a0bezpo\u015brednim kontakcie z przyrod\u0105 i lud\u017ami. Kulig zorganizowany w ramach k\u00f3\u0142ka geograficznego. W 1972 roku dyrektorem szko\u0142y zosta\u0142 p. Tadeusz Ja\u0142oszy\u0144ski, a zast\u0119pc\u0105 ceniona nauczycielka p.\u00a0Halina Ostrowska. Grono pedagogiczne Szko\u0142a wsp\u00f3\u0142pracowa\u0142a z zak\u0142adem patronackim, tj.\u00a0Zespo\u0142em Elektrowni Wodnych w Straszynie i\u00a0Rad\u0105 So\u0142eck\u0105, a tak\u017ce nawi\u0105za\u0142a kontakty z\u00a0zak\u0142adami, kt\u00f3re organizowa\u0142y kolonie w obiekcie szkolnym. Dzi\u0119ki tej wsp\u00f3\u0142pracy uda\u0142o si\u0119 wybudowa\u0107 drog\u0119 dojazdow\u0105 do szko\u0142y wraz z\u00a0chodnikiem, zbudowano zaplecze tzw. budynek gospodarczy, doprowadzono miejsk\u0105 sie\u0107 wodoci\u0105gow\u0105, powsta\u0142o boisko sportowe. Zadbano r\u00f3wnie\u017c o tereny zielone wok\u00f3\u0142 szko\u0142y. Nowa pi\u0119kna droga do naszej szko\u0142y W szkole \u017cywe s\u0105 tradycje sportowe. W 1975 roku dziewcz\u0119ta i ch\u0142opcy zdobyli wicemistrzostwo powiatu w pi\u0142ce siatkowej. Zakwalifikowali si\u0119 do Igrzysk Wojew\u00f3dzkich. Na Olimpiadzie Powiatowej uczennica G. Smolnik zdoby\u0142a srebrny medal w biegu na 800 m, ucze\u0144 W. Si\u0107ko zaj\u0105\u0142 czwarte miejsce w rzucie oszczepem, a S. Faliszewski w pchni\u0119ciu kul\u0105 uzyska\u0142 pi\u0105te miejsce.Nauczyciele te\u017c nie stronili od sportu. W sk\u0142ad dru\u017cyny weszli: dyrektor szko\u0142y Tadeusz Ja\u0142oszy\u0144ski,Danuta Leszczy\u0144ska,Roger Biedrzycki,a tak\u017ce pracownik szko\u0142y Zbigniew Wojtal. W 1978 roku w turnieju pi\u0142ki siatkowej nauczyciele wywalczyli puchar Przewodnicz\u0105cego Miejskiej i Gminnej Rady Narodowej w Pruszczu Gda\u0144skim.M\u0142odzie\u017c naszej szko\u0142y wsp\u00f3\u0142pracowa\u0142a z Klubem &#8222;Ruchu&#8221; i organizowa\u0142a wiele uroczysto\u015bci mi\u0119dzy innymi Dni O\u015bwiaty, Ksi\u0105\u017cki i Prasy. Przy bibliotece szkolnej dzia\u0142a k\u00f3\u0142ko recytatorskie prowadzone przez p. Iren\u0119 Skibick\u0105, kt\u00f3ra przygotowa\u0142a inscenizacj\u0105 wielu pi\u0119knych bajek. Przedstawienie &#8222;Czerwony Kapturek&#8221; Biblioteka szkolna prowadzi\u0142a \u015bcis\u0142\u0105 wsp\u00f3\u0142prac\u0119 z Gromadzk\u0105 Bibliotek\u0105 w Straszynie.W 1975 roku nadszed\u0142 &#8222;ma\u0142y jubileusz&#8221;. Min\u0119\u0142o dziesi\u0119\u0107 lat od wybudowania nowego obiektu, kt\u00f3ry staraniem nauczycieli i uczni\u00f3w wypi\u0119knia\u0142.Szko\u0142a go\u015bci\u0142a w swych podwojach s\u0142ynnych ludzi: literata Franciszka Fenikowskiego (1975), \u017ceglarza Leonida Telig\u0119 (1972), redaktora Micha\u0142a Sumi\u0144skiego (1984) &#8211; autora programu telewizyjnego &#8222;Zwierzyniec&#8221;, aktora Teatru &#8222;Wybrze\u017ce&#8221; &#8211; Zbigniewa \u0141obodzi\u0144skiego (1980), S\u0142ynn\u0105 \u017ceglark\u0119 Krystyn\u0119 Chojnowsk\u0105 &#8211; Liskiewicz (1981), aktora Teatru &#8222;Syrena&#8221; w Warszawie Andrzeja Szajewskiego (1985). W kr\u0119gu z \u017ceglark\u0105 Krystyn\u0105 Chojnowsk\u0105 &#8211; Liskiewicz. W 1981 roku w szkole powsta\u0142 zesp\u00f3\u0142 wokalno &#8211; taneczny o wdzi\u0119cznej nazwie &#8222;Maczki&#8221;, prowadzony przez p. Barbar\u0119 Biedrzyck\u0105 &#8211; nauczycielk\u0119 muzyki. Na przegl\u0105dzie rejonowym Zespo\u0142\u00f3w Artystycznych w Domu Kultury w Pruszczu Gda\u0144skim zaj\u0105\u0142 on w 1984 roku pierwsze miejsce i przeszed\u0142 do eliminacji wojew\u00f3dzkich, w kt\u00f3rych zaj\u0105\u0142 drugie miejsce i\u00a0uzyska\u0142 nagrod\u0119 pieni\u0119\u017cn\u0105. Zesp\u00f3\u0142 &#8222;Maczki&#8221; w czasie wyst\u0119pu Na terenie szko\u0142y zorganizowano w 1986 roku bardzo ciekawy cykl spotka\u0144 pt.\u00a0&#8221; Ma\u0142a Akademia Jazzu&#8221;.\u00a0Wielcy jazzmani polskiej sceny m\u00f3wili o muzyce w prelekcjach pt.\u00a0&#8222;Flet i\u00a0folklor w jazzie&#8221;, &#8222;Graj\u0105cy komputer&#8221;, &#8222;Czas na kontrabas&#8221;\u00a0i innych.Wiele spotka\u0144 prowadzi\u0142 Andrzej Jaroszewski, znany z radia i telewizji redaktor muzyczny.<\/p>\n","protected":false},"author":1,"featured_media":0,"parent":0,"menu_order":0,"comment_status":"closed","ping_status":"closed","template":"","meta":{"footnotes":""},"class_list":["post-176","page","type-page","status-publish","hentry"],"_links":{"self":[{"href":"https:\/\/szkolastraszyn.pruszczgdanski.pl\/index.php?rest_route=\/wp\/v2\/pages\/176","targetHints":{"allow":["GET"]}}],"collection":[{"href":"https:\/\/szkolastraszyn.pruszczgdanski.pl\/index.php?rest_route=\/wp\/v2\/pages"}],"about":[{"href":"https:\/\/szkolastraszyn.pruszczgdanski.pl\/index.php?rest_route=\/wp\/v2\/types\/page"}],"author":[{"embeddable":true,"href":"https:\/\/szkolastraszyn.pruszczgdanski.pl\/index.php?rest_route=\/wp\/v2\/users\/1"}],"replies":[{"embeddable":true,"href":"https:\/\/szkolastraszyn.pruszczgdanski.pl\/index.php?rest_route=%2Fwp%2Fv2%2Fcomments&post=176"}],"version-history":[{"count":1,"href":"https:\/\/szkolastraszyn.pruszczgdanski.pl\/index.php?rest_route=\/wp\/v2\/pages\/176\/revisions"}],"predecessor-version":[{"id":178,"href":"https:\/\/szkolastraszyn.pruszczgdanski.pl\/index.php?rest_route=\/wp\/v2\/pages\/176\/revisions\/178"}],"wp:attachment":[{"href":"https:\/\/szkolastraszyn.pruszczgdanski.pl\/index.php?rest_route=%2Fwp%2Fv2%2Fmedia&parent=176"}],"curies":[{"name":"wp","href":"https:\/\/api.w.org\/{rel}","templated":true}]}}