{"id":160,"date":"2018-02-16T12:36:55","date_gmt":"2018-02-16T12:36:55","guid":{"rendered":"http:\/\/szkolastraszyn.pruszczgdanski.pl\/?page_id=160"},"modified":"2018-02-16T12:38:22","modified_gmt":"2018-02-16T12:38:22","slug":"lata-1945-1965","status":"publish","type":"page","link":"https:\/\/szkolastraszyn.pruszczgdanski.pl\/?page_id=160","title":{"rendered":"lata 1945-1965"},"content":{"rendered":"\t\t<div data-elementor-type=\"wp-page\" data-elementor-id=\"160\" class=\"elementor elementor-160 elementor-bc-flex-widget\">\n\t\t\t\t\t\t<section class=\"elementor-section elementor-top-section elementor-element elementor-element-16afffdb elementor-section-boxed elementor-section-height-default elementor-section-height-default\" data-id=\"16afffdb\" data-element_type=\"section\" data-e-type=\"section\">\n\t\t\t\t\t\t<div class=\"elementor-container elementor-column-gap-default\">\n\t\t\t\t\t<div class=\"elementor-column elementor-col-100 elementor-top-column elementor-element elementor-element-245e5023\" data-id=\"245e5023\" data-element_type=\"column\" data-e-type=\"column\">\n\t\t\t<div class=\"elementor-widget-wrap elementor-element-populated\">\n\t\t\t\t\t\t<div class=\"elementor-element elementor-element-432a37f elementor-widget elementor-widget-heading\" data-id=\"432a37f\" data-element_type=\"widget\" data-e-type=\"widget\" data-widget_type=\"heading.default\">\n\t\t\t\t<div class=\"elementor-widget-container\">\n\t\t\t\t\t<h2 class=\"elementor-heading-title elementor-size-default\">Lata 1945 - 1965<\/h2>\t\t\t\t<\/div>\n\t\t\t\t<\/div>\n\t\t\t\t\t<\/div>\n\t\t<\/div>\n\t\t\t\t\t<\/div>\n\t\t<\/section>\n\t\t\t\t<section class=\"elementor-section elementor-top-section elementor-element elementor-element-b07fca9 elementor-section-boxed elementor-section-height-default elementor-section-height-default\" data-id=\"b07fca9\" data-element_type=\"section\" data-e-type=\"section\">\n\t\t\t\t\t\t<div class=\"elementor-container elementor-column-gap-default\">\n\t\t\t\t\t<div class=\"elementor-column elementor-col-100 elementor-top-column elementor-element elementor-element-7200e18\" data-id=\"7200e18\" data-element_type=\"column\" data-e-type=\"column\">\n\t\t\t<div class=\"elementor-widget-wrap elementor-element-populated\">\n\t\t\t\t\t\t<div class=\"elementor-element elementor-element-07449b6 elementor-widget elementor-widget-text-editor\" data-id=\"07449b6\" data-element_type=\"widget\" data-e-type=\"widget\" data-widget_type=\"text-editor.default\">\n\t\t\t\t<div class=\"elementor-widget-container\">\n\t\t\t\t\t\t\t\t\t<p style=\"margin-bottom: 10px; font-family: 'Source Sans Pro', Arial, Tahoma, sans-serif; color: #333333; font-size: 14px; font-style: normal; font-variant-ligatures: normal; font-variant-caps: normal; font-weight: 400; text-indent: 0px; background-color: #ffffff;\"><span style=\"font-family: Arial;\">Jest maj 1945 roku i ko\u0144cz\u0105 si\u0119 dzia\u0142ania wojenne. Do Straszyna w tym czasie przyje\u017cd\u017ca m\u0142ode ma\u0142\u017ce\u0144stwo &#8211; Maria i Stanis\u0142aw Cabajowie. I w\u0142a\u015bnie tu, na Ziemiach Odzyskanych tworz\u0105 polsk\u0105 szko\u0142\u0119.<\/span><\/p>\t\t\t\t\t\t\t\t<\/div>\n\t\t\t\t<\/div>\n\t\t\t\t<div class=\"elementor-element elementor-element-75c3bfe elementor-widget elementor-widget-image-gallery\" data-id=\"75c3bfe\" data-element_type=\"widget\" data-e-type=\"widget\" data-widget_type=\"image-gallery.default\">\n\t\t\t\t<div class=\"elementor-widget-container\">\n\t\t\t\t\t\t\t<div class=\"elementor-image-gallery\">\n\t\t\t<div id=\"kad-wp-gallery35\" class=\"kad-wp-gallery kad-light-wp-gallery clearfix kt-gallery-column-2 rowtight\"><div class=\"tcol-lg-6 tcol-md-6 tcol-sm-6 tcol-xs-12 tcol-ss-12 g_item\"><div class=\"grid_item kad_gallery_fade_in gallery_item\"><a href=\"https:\/\/szkolastraszyn.pruszczgdanski.pl\/wp-content\/uploads\/2018\/02\/mcabaj-1412148690.jpg\" data-rel=\"lightbox\" class=\"lightboxhover\"><img fetchpriority=\"high\" decoding=\"async\" src=\"https:\/\/szkolastraszyn.pruszczgdanski.pl\/wp-content\/uploads\/2018\/02\/mcabaj-1412148690.jpg\" width=\"200\" height=\"322\" alt=\"Maria Cabaj\" srcset=\"https:\/\/szkolastraszyn.pruszczgdanski.pl\/wp-content\/uploads\/2018\/02\/mcabaj-1412148690.jpg 200w, https:\/\/szkolastraszyn.pruszczgdanski.pl\/wp-content\/uploads\/2018\/02\/mcabaj-1412148690-186x300.jpg 186w\" sizes=\"(max-width: 200px) 100vw, 200px\" class=\"light-dropshaddow\"\/><\/a><\/div><\/div><div class=\"tcol-lg-6 tcol-md-6 tcol-sm-6 tcol-xs-12 tcol-ss-12 g_item\"><div class=\"grid_item kad_gallery_fade_in gallery_item\"><a href=\"https:\/\/szkolastraszyn.pruszczgdanski.pl\/wp-content\/uploads\/2018\/02\/scabaj-1412148563.jpg\" data-rel=\"lightbox\" class=\"lightboxhover\"><img decoding=\"async\" src=\"https:\/\/szkolastraszyn.pruszczgdanski.pl\/wp-content\/uploads\/2018\/02\/scabaj-1412148563.jpg\" width=\"200\" height=\"325\" alt=\"Stanis\u0142aw Cabaj\" srcset=\"https:\/\/szkolastraszyn.pruszczgdanski.pl\/wp-content\/uploads\/2018\/02\/scabaj-1412148563.jpg 200w, https:\/\/szkolastraszyn.pruszczgdanski.pl\/wp-content\/uploads\/2018\/02\/scabaj-1412148563-185x300.jpg 185w\" sizes=\"(max-width: 200px) 100vw, 200px\" class=\"light-dropshaddow\"\/><\/a><\/div><\/div><\/div>\t\t<\/div>\n\t\t\t\t\t\t<\/div>\n\t\t\t\t<\/div>\n\t\t\t\t<div class=\"elementor-element elementor-element-5f3f773 elementor-widget elementor-widget-text-editor\" data-id=\"5f3f773\" data-element_type=\"widget\" data-e-type=\"widget\" data-widget_type=\"text-editor.default\">\n\t\t\t\t<div class=\"elementor-widget-container\">\n\t\t\t\t\t\t\t\t\t<p style=\"margin-bottom: 10px; font-family: 'Source Sans Pro', Arial, Tahoma, sans-serif; color: #333333; font-size: 14px; font-style: normal; font-variant-ligatures: normal; font-variant-caps: normal; font-weight: 400; text-indent: 0px; background-color: #ffffff;\"><span style=\"font-weight: bold;\">Stanis\u0142aw Cabaj<\/span>, do\u015bwiadczony pedagog, kt\u00f3ry uko\u0144czy\u0142 Seminarium Nauczycielskie M\u0119skie w 1930 r. w Pru\u017canach na Polesiu, a w okresie okupacji prowadzi\u0142 tajne nauczanie w\u00a0wojew\u00f3dztwie kieleckim, teraz otrzymuje z dniem 1 sierpnia 1945 roku posad\u0119 nauczycielsk\u0105 w s\u0105siedniej wsi Jagatowo.<br \/>Ma\u0142\u017conka, p. Maria Cabaj, prowadzi kursy na kt\u00f3re ucz\u0119szcza 11 dzieci zamieszka\u0142ych w<span lang=\"en\">\u00a0<\/span>Straszynie. Dzieci ucz\u0105 si\u0119 czyta\u0107, pisa\u0107 i m\u00f3wi\u0107 po polsku.<br \/>1 pa\u017adziernika 1946r otwarta zostaje jednoklasowa szko\u0142a podstawowa w budynku, gdzie mie\u015bci si\u0119 obecnie Biblioteka Gminna. Energiczna p. Cabaj Przyst\u0119puje do remontu budynku, zniszczonego prawie w ca\u0142o\u015bci.<br \/>Pod koniec roku szkolnego 1946\/47 ilo\u015b\u0107 dzieci zwi\u0119ksza si\u0119 do 30, nap\u0142ywa bowiem na te tereny ludno\u015b\u0107 z ca\u0142ej Polski. Najwy\u017csz\u0105 klas\u0119 stanowi klasa pi\u0105ta. Pani Maria Cabaj przez trzy lata pracuj sama, natomiast ma\u0142\u017conek, Stanis\u0142aw Cabaj, zostaje przeniesiony z<span lang=\"en\">\u00a0<\/span>Jagatowa i w roku szkolnym 1949\/50 obejmuje stanowisko kierownika szko\u0142y w<span lang=\"en\">\u00a0<\/span>Straszynie. Warunki s\u0105 trudne, lekcje odbywaj\u0105 si\u0119 w dw\u00f3ch ma\u0142ych budynkach. Jest ciasno a<span lang=\"en\">\u00a0<\/span>dzieci przybywa.<\/p><p style=\"margin-bottom: 10px; font-family: 'Source Sans Pro', Arial, Tahoma, sans-serif; color: #333333; font-size: 14px; font-style: normal; font-variant-ligatures: normal; font-variant-caps: normal; font-weight: 400; text-indent: 0px; background-color: #ffffff;\" align=\"justify\"><span style=\"font-family: Arial;\">W roku szkolnym 1954\/55 utworzona zostaje klasa si\u00f3dma. W szkole pracuje czworo nauczycieli: Maria i Stanis\u0142aw Cabajowie, Aniela D\u0105bska i Anna Jankowska.<br \/>Pod koniec 1959 roku liczba dzieci wzrasta do 212 i pracuje ju\u017c o\u015bmioro nauczycieli:<\/span><\/p><center style=\"color: #333333; font-family: 'Source Sans Pro', Arial, Tahoma, sans-serif; font-size: 14px; background-color: #ffffff;\"><p style=\"margin-bottom: 10px; font-family: 'Source Sans Pro', Arial, Tahoma, sans-serif;\"><span style=\"font-family: Arial;\">Maria i Stanis\u0142aw Cabajowie,<br \/>Halina Ostrowska,<br \/>Helena Zabudowska,<br \/>Helena \u017bukowska,<br \/>Halina Makuch,<br \/>Krystyna Skalska,<br \/>Leszek Umi\u0144ski.<\/span><\/p><p style=\"margin-bottom: 10px; font-family: 'Source Sans Pro', Arial, Tahoma, sans-serif; text-align: left;\"><span style=\"font-family: Arial;\">W roku szkolnym 1964\/64 liczba uczni\u00f3w powi\u0119ksza si\u0119 a\u017c do 260, powstaje dziewi\u0119\u0107 oddzia\u0142\u00f3w, lecz brakuje izb szkolnych. Jest jednak nadzieja na popraw\u0119 warunk\u00f3w. Kierownik szko\u0142y zabiega od roku u \u00f3wczesnego premiera Piotra Jaroszewicza (razem chodzili do szko\u0142y w Pru\u017canach) o rozpocz\u0119cie budowy nowego gmachu szkolnego. Budow\u0119 nowej szko\u0142y rozpocz\u0119to w pa\u017adzierniku 1963 roku, zako\u0144czono 21 grudnia 1964 roku. Wiele prac wykonali sami mieszka\u0144cy.<br \/>W dniu 23 stycznia 1965 roku nast\u0119puje przeci\u0119cie wst\u0119gi w nowym obiekcie, a<span lang=\"en\">\u00a0<\/span>dokonuje tego wicepremier Piotr Jaroszewicz.<\/span><\/p><\/center>\t\t\t\t\t\t\t\t<\/div>\n\t\t\t\t<\/div>\n\t\t\t\t<div class=\"elementor-element elementor-element-f7a2f73 elementor-widget elementor-widget-image-gallery\" data-id=\"f7a2f73\" data-element_type=\"widget\" data-e-type=\"widget\" data-widget_type=\"image-gallery.default\">\n\t\t\t\t<div class=\"elementor-widget-container\">\n\t\t\t\t\t\t\t<div class=\"elementor-image-gallery\">\n\t\t\t<div id=\"kad-wp-gallery15\" class=\"kad-wp-gallery kad-light-wp-gallery clearfix kt-gallery-column-2 rowtight\"><div class=\"tcol-lg-6 tcol-md-6 tcol-sm-6 tcol-xs-12 tcol-ss-12 g_item\"><div class=\"grid_item kad_gallery_fade_in gallery_item\"><a href=\"https:\/\/szkolastraszyn.pruszczgdanski.pl\/wp-content\/uploads\/2018\/02\/otwszpj2-1412149060.jpg\" data-rel=\"lightbox\" class=\"lightboxhover\"><img decoding=\"async\" src=\"https:\/\/szkolastraszyn.pruszczgdanski.pl\/wp-content\/uploads\/2018\/02\/otwszpj2-1412149060.jpg\" width=\"200\" height=\"138\" alt=\"\"  class=\"light-dropshaddow\"\/><\/a><\/div><\/div><div class=\"tcol-lg-6 tcol-md-6 tcol-sm-6 tcol-xs-12 tcol-ss-12 g_item\"><div class=\"grid_item kad_gallery_fade_in gallery_item\"><a href=\"https:\/\/szkolastraszyn.pruszczgdanski.pl\/wp-content\/uploads\/2018\/02\/otwszpj3-1412149073.jpg\" data-rel=\"lightbox\" class=\"lightboxhover\"><img loading=\"lazy\" decoding=\"async\" src=\"https:\/\/szkolastraszyn.pruszczgdanski.pl\/wp-content\/uploads\/2018\/02\/otwszpj3-1412149073.jpg\" width=\"200\" height=\"125\" alt=\"\"  class=\"light-dropshaddow\"\/><\/a><\/div><\/div><\/div>\t\t<\/div>\n\t\t\t\t\t\t<\/div>\n\t\t\t\t<\/div>\n\t\t\t\t<div class=\"elementor-element elementor-element-d2fb20f elementor-widget elementor-widget-text-editor\" data-id=\"d2fb20f\" data-element_type=\"widget\" data-e-type=\"widget\" data-widget_type=\"text-editor.default\">\n\t\t\t\t<div class=\"elementor-widget-container\">\n\t\t\t\t\t\t\t\t\t<p align=\"justify\"><span style=\"font-family: Arial;\">Warto wspomnie\u0107, \u017ce obiekt szkolny kosztowa\u0142 cztery miliony \u00f3wczesnych z\u0142otych.<\/span><\/p><p align=\"justify\"><span style=\"font-family: Arial;\">Dzieci przygotowa\u0142y program artystyczny pod kierunkiem nauczycielki Cecylii Bemowskiej, w\u00f3wczas studentki czwartego roku PWSM w Sopocie.<\/span><\/p><center><p><span style=\"font-family: Arial;\">&#8222;Dzisiaj spe\u0142niaj\u0105 si\u0119 nasze marzenia<br \/>marzenia wielu lat.<br \/>Dzi\u0119kujemy za jasne \u015bciany tej szko\u0142y,<br \/>za przestrzenne klasy i pomoce naukowe, za wszystko.<br \/>Dzi\u0119kujemy te\u017c za pami\u0119\u0107 nas &#8211; dzieciach ze Straszyna&#8221;.<\/span><\/p><div class=\"content-subpage\"><div class=\"content-subpage-text\"><center><center><p style=\"text-align: left;\"><span style=\"font-family: Arial;\">W ten oto spos\u00f3b podzi\u0119kowa\u0142a na tej donios\u0142ej uroczysto\u015bci Basia W\u0105s z klasy si\u00f3dmej.<\/span><\/p><\/center><\/center><\/div><\/div><\/center>\t\t\t\t\t\t\t\t<\/div>\n\t\t\t\t<\/div>\n\t\t\t\t<div class=\"elementor-element elementor-element-aa7d06e elementor-widget elementor-widget-image-gallery\" data-id=\"aa7d06e\" data-element_type=\"widget\" data-e-type=\"widget\" data-widget_type=\"image-gallery.default\">\n\t\t\t\t<div class=\"elementor-widget-container\">\n\t\t\t\t\t\t\t<div class=\"elementor-image-gallery\">\n\t\t\t<div id=\"kad-wp-gallery59\" class=\"kad-wp-gallery kad-light-wp-gallery clearfix kt-gallery-column-4 rowtight\"><div class=\"tcol-lg-3 tcol-md-3 tcol-sm-4 tcol-xs-6 tcol-ss-12 g_item\"><div class=\"grid_item kad_gallery_fade_in gallery_item\"><a href=\"https:\/\/szkolastraszyn.pruszczgdanski.pl\/wp-content\/uploads\/2018\/02\/czerw-kap.jpg\" data-rel=\"lightbox\" class=\"lightboxhover\"><img loading=\"lazy\" decoding=\"async\" src=\"https:\/\/szkolastraszyn.pruszczgdanski.pl\/wp-content\/uploads\/2018\/02\/czerw-kap.jpg\" width=\"250\" height=\"304\" alt=\"Przedstawienie &quot;Czerwony Kapturek&quot;\" srcset=\"https:\/\/szkolastraszyn.pruszczgdanski.pl\/wp-content\/uploads\/2018\/02\/czerw-kap.jpg 250w, https:\/\/szkolastraszyn.pruszczgdanski.pl\/wp-content\/uploads\/2018\/02\/czerw-kap-247x300.jpg 247w\" sizes=\"(max-width: 250px) 100vw, 250px\" class=\"light-dropshaddow\"\/><\/a><\/div><\/div><div class=\"tcol-lg-3 tcol-md-3 tcol-sm-4 tcol-xs-6 tcol-ss-12 g_item\"><div class=\"grid_item kad_gallery_fade_in gallery_item\"><a href=\"https:\/\/szkolastraszyn.pruszczgdanski.pl\/wp-content\/uploads\/2018\/02\/grono-1971.jpg\" data-rel=\"lightbox\" class=\"lightboxhover\"><img loading=\"lazy\" decoding=\"async\" src=\"https:\/\/szkolastraszyn.pruszczgdanski.pl\/wp-content\/uploads\/2018\/02\/grono-1971-300x300.jpg\" width=\"300\" height=\"300\" alt=\"Grono pedagogiczne\" srcset=\"https:\/\/szkolastraszyn.pruszczgdanski.pl\/wp-content\/uploads\/2018\/02\/grono-1971-300x300.jpg 300w, https:\/\/szkolastraszyn.pruszczgdanski.pl\/wp-content\/uploads\/2018\/02\/grono-1971-150x150.jpg 150w\" sizes=\"(max-width: 300px) 100vw, 300px\" class=\"light-dropshaddow\"\/><\/a><\/div><\/div><div class=\"tcol-lg-3 tcol-md-3 tcol-sm-4 tcol-xs-6 tcol-ss-12 g_item\"><div class=\"grid_item kad_gallery_fade_in gallery_item\"><a href=\"https:\/\/szkolastraszyn.pruszczgdanski.pl\/wp-content\/uploads\/2018\/02\/kulig.jpg\" data-rel=\"lightbox\" class=\"lightboxhover\"><img loading=\"lazy\" decoding=\"async\" src=\"https:\/\/szkolastraszyn.pruszczgdanski.pl\/wp-content\/uploads\/2018\/02\/kulig-300x300.jpg\" width=\"300\" height=\"300\" alt=\"Kulig zorganizowany w ramach k\u00f3\u0142ka geograficznego.\" srcset=\"https:\/\/szkolastraszyn.pruszczgdanski.pl\/wp-content\/uploads\/2018\/02\/kulig-300x300.jpg 300w, https:\/\/szkolastraszyn.pruszczgdanski.pl\/wp-content\/uploads\/2018\/02\/kulig-150x150.jpg 150w\" sizes=\"(max-width: 300px) 100vw, 300px\" class=\"light-dropshaddow\"\/><\/a><\/div><\/div><div class=\"tcol-lg-3 tcol-md-3 tcol-sm-4 tcol-xs-6 tcol-ss-12 g_item\"><div class=\"grid_item kad_gallery_fade_in gallery_item\"><a href=\"https:\/\/szkolastraszyn.pruszczgdanski.pl\/wp-content\/uploads\/2018\/02\/maczki.jpg\" data-rel=\"lightbox\" class=\"lightboxhover\"><img loading=\"lazy\" decoding=\"async\" src=\"https:\/\/szkolastraszyn.pruszczgdanski.pl\/wp-content\/uploads\/2018\/02\/maczki.jpg\" width=\"300\" height=\"255\" alt=\"Zesp\u00f3\u0142 &quot;Maczki&quot; w czasie wyst\u0119pu\"  class=\"light-dropshaddow\"\/><\/a><\/div><\/div><div class=\"tcol-lg-3 tcol-md-3 tcol-sm-4 tcol-xs-6 tcol-ss-12 g_item\"><div class=\"grid_item kad_gallery_fade_in gallery_item\"><a href=\"https:\/\/szkolastraszyn.pruszczgdanski.pl\/wp-content\/uploads\/2018\/02\/ndroga.jpg\" data-rel=\"lightbox\" class=\"lightboxhover\"><img loading=\"lazy\" decoding=\"async\" src=\"https:\/\/szkolastraszyn.pruszczgdanski.pl\/wp-content\/uploads\/2018\/02\/ndroga-300x300.jpg\" width=\"300\" height=\"300\" alt=\"Nowa pi\u0119kna droga do naszej szko\u0142y\" srcset=\"https:\/\/szkolastraszyn.pruszczgdanski.pl\/wp-content\/uploads\/2018\/02\/ndroga-300x300.jpg 300w, https:\/\/szkolastraszyn.pruszczgdanski.pl\/wp-content\/uploads\/2018\/02\/ndroga-150x150.jpg 150w\" sizes=\"(max-width: 300px) 100vw, 300px\" class=\"light-dropshaddow\"\/><\/a><\/div><\/div><div class=\"tcol-lg-3 tcol-md-3 tcol-sm-4 tcol-xs-6 tcol-ss-12 g_item\"><div class=\"grid_item kad_gallery_fade_in gallery_item\"><a href=\"https:\/\/szkolastraszyn.pruszczgdanski.pl\/wp-content\/uploads\/2018\/02\/zajcbem.jpg\" data-rel=\"lightbox\" class=\"lightboxhover\"><img loading=\"lazy\" decoding=\"async\" src=\"https:\/\/szkolastraszyn.pruszczgdanski.pl\/wp-content\/uploads\/2018\/02\/zajcbem.jpg\" width=\"450\" height=\"283\" alt=\"\" srcset=\"https:\/\/szkolastraszyn.pruszczgdanski.pl\/wp-content\/uploads\/2018\/02\/zajcbem.jpg 450w, https:\/\/szkolastraszyn.pruszczgdanski.pl\/wp-content\/uploads\/2018\/02\/zajcbem-300x189.jpg 300w\" sizes=\"(max-width: 450px) 100vw, 450px\" class=\"light-dropshaddow\"\/><\/a><\/div><\/div><div class=\"tcol-lg-3 tcol-md-3 tcol-sm-4 tcol-xs-6 tcol-ss-12 g_item\"><div class=\"grid_item kad_gallery_fade_in gallery_item\"><a href=\"https:\/\/szkolastraszyn.pruszczgdanski.pl\/wp-content\/uploads\/2018\/02\/zeglarkal.jpg\" data-rel=\"lightbox\" class=\"lightboxhover\"><img loading=\"lazy\" decoding=\"async\" src=\"https:\/\/szkolastraszyn.pruszczgdanski.pl\/wp-content\/uploads\/2018\/02\/zeglarkal.jpg\" width=\"250\" height=\"335\" alt=\"W kr\u0119gu z \u017ceglark\u0105 Krystyn\u0105 Chojnowsk\u0105 - Liskiewicz.\" srcset=\"https:\/\/szkolastraszyn.pruszczgdanski.pl\/wp-content\/uploads\/2018\/02\/zeglarkal.jpg 250w, https:\/\/szkolastraszyn.pruszczgdanski.pl\/wp-content\/uploads\/2018\/02\/zeglarkal-224x300.jpg 224w\" sizes=\"(max-width: 250px) 100vw, 250px\" class=\"light-dropshaddow\"\/><\/a><\/div><\/div><\/div>\t\t<\/div>\n\t\t\t\t\t\t<\/div>\n\t\t\t\t<\/div>\n\t\t\t\t\t<\/div>\n\t\t<\/div>\n\t\t\t\t\t<\/div>\n\t\t<\/section>\n\t\t\t\t<\/div>\n\t\t","protected":false},"excerpt":{"rendered":"<p>Lata 1945 &#8211; 1965 Jest maj 1945 roku i ko\u0144cz\u0105 si\u0119 dzia\u0142ania wojenne. Do Straszyna w tym czasie przyje\u017cd\u017ca m\u0142ode ma\u0142\u017ce\u0144stwo &#8211; Maria i Stanis\u0142aw Cabajowie. I w\u0142a\u015bnie tu, na Ziemiach Odzyskanych tworz\u0105 polsk\u0105 szko\u0142\u0119. Maria Cabaj Stanis\u0142aw Cabaj Stanis\u0142aw Cabaj, do\u015bwiadczony pedagog, kt\u00f3ry uko\u0144czy\u0142 Seminarium Nauczycielskie M\u0119skie w 1930 r. w Pru\u017canach na Polesiu, a w okresie okupacji prowadzi\u0142 tajne nauczanie w\u00a0wojew\u00f3dztwie kieleckim, teraz otrzymuje z dniem 1 sierpnia 1945 roku posad\u0119 nauczycielsk\u0105 w s\u0105siedniej wsi Jagatowo.Ma\u0142\u017conka, p. Maria Cabaj, prowadzi kursy na kt\u00f3re ucz\u0119szcza 11 dzieci zamieszka\u0142ych w\u00a0Straszynie. Dzieci ucz\u0105 si\u0119 czyta\u0107, pisa\u0107 i m\u00f3wi\u0107 po polsku.1 pa\u017adziernika 1946r otwarta zostaje jednoklasowa szko\u0142a podstawowa w budynku, gdzie mie\u015bci si\u0119 obecnie Biblioteka Gminna. Energiczna p. Cabaj Przyst\u0119puje do remontu budynku, zniszczonego prawie w ca\u0142o\u015bci.Pod koniec roku szkolnego 1946\/47 ilo\u015b\u0107 dzieci zwi\u0119ksza si\u0119 do 30, nap\u0142ywa bowiem na te tereny ludno\u015b\u0107 z ca\u0142ej Polski. Najwy\u017csz\u0105 klas\u0119 stanowi klasa pi\u0105ta. Pani Maria Cabaj przez trzy lata pracuj sama, natomiast ma\u0142\u017conek, Stanis\u0142aw Cabaj, zostaje przeniesiony z\u00a0Jagatowa i w roku szkolnym 1949\/50 obejmuje stanowisko kierownika szko\u0142y w\u00a0Straszynie. Warunki s\u0105 trudne, lekcje odbywaj\u0105 si\u0119 w dw\u00f3ch ma\u0142ych budynkach. Jest ciasno a\u00a0dzieci przybywa. W roku szkolnym 1954\/55 utworzona zostaje klasa si\u00f3dma. W szkole pracuje czworo nauczycieli: Maria i Stanis\u0142aw Cabajowie, Aniela D\u0105bska i Anna Jankowska.Pod koniec 1959 roku liczba dzieci wzrasta do 212 i pracuje ju\u017c o\u015bmioro nauczycieli: Maria i Stanis\u0142aw Cabajowie,Halina Ostrowska,Helena Zabudowska,Helena \u017bukowska,Halina Makuch,Krystyna Skalska,Leszek Umi\u0144ski. W roku szkolnym 1964\/64 liczba uczni\u00f3w powi\u0119ksza si\u0119 a\u017c do 260, powstaje dziewi\u0119\u0107 oddzia\u0142\u00f3w, lecz brakuje izb szkolnych. Jest jednak nadzieja na popraw\u0119 warunk\u00f3w. Kierownik szko\u0142y zabiega od roku u \u00f3wczesnego premiera Piotra Jaroszewicza (razem chodzili do szko\u0142y w Pru\u017canach) o rozpocz\u0119cie budowy nowego gmachu szkolnego. Budow\u0119 nowej szko\u0142y rozpocz\u0119to w pa\u017adzierniku 1963 roku, zako\u0144czono 21 grudnia 1964 roku. Wiele prac wykonali sami mieszka\u0144cy.W dniu 23 stycznia 1965 roku nast\u0119puje przeci\u0119cie wst\u0119gi w nowym obiekcie, a\u00a0dokonuje tego wicepremier Piotr Jaroszewicz. Warto wspomnie\u0107, \u017ce obiekt szkolny kosztowa\u0142 cztery miliony \u00f3wczesnych z\u0142otych. Dzieci przygotowa\u0142y program artystyczny pod kierunkiem nauczycielki Cecylii Bemowskiej, w\u00f3wczas studentki czwartego roku PWSM w Sopocie. &#8222;Dzisiaj spe\u0142niaj\u0105 si\u0119 nasze marzeniamarzenia wielu lat.Dzi\u0119kujemy za jasne \u015bciany tej szko\u0142y,za przestrzenne klasy i pomoce naukowe, za wszystko.Dzi\u0119kujemy te\u017c za pami\u0119\u0107 nas &#8211; dzieciach ze Straszyna&#8221;. W ten oto spos\u00f3b podzi\u0119kowa\u0142a na tej donios\u0142ej uroczysto\u015bci Basia W\u0105s z klasy si\u00f3dmej.<\/p>\n","protected":false},"author":1,"featured_media":0,"parent":0,"menu_order":0,"comment_status":"closed","ping_status":"closed","template":"","meta":{"footnotes":""},"class_list":["post-160","page","type-page","status-publish","hentry"],"_links":{"self":[{"href":"https:\/\/szkolastraszyn.pruszczgdanski.pl\/index.php?rest_route=\/wp\/v2\/pages\/160","targetHints":{"allow":["GET"]}}],"collection":[{"href":"https:\/\/szkolastraszyn.pruszczgdanski.pl\/index.php?rest_route=\/wp\/v2\/pages"}],"about":[{"href":"https:\/\/szkolastraszyn.pruszczgdanski.pl\/index.php?rest_route=\/wp\/v2\/types\/page"}],"author":[{"embeddable":true,"href":"https:\/\/szkolastraszyn.pruszczgdanski.pl\/index.php?rest_route=\/wp\/v2\/users\/1"}],"replies":[{"embeddable":true,"href":"https:\/\/szkolastraszyn.pruszczgdanski.pl\/index.php?rest_route=%2Fwp%2Fv2%2Fcomments&post=160"}],"version-history":[{"count":2,"href":"https:\/\/szkolastraszyn.pruszczgdanski.pl\/index.php?rest_route=\/wp\/v2\/pages\/160\/revisions"}],"predecessor-version":[{"id":173,"href":"https:\/\/szkolastraszyn.pruszczgdanski.pl\/index.php?rest_route=\/wp\/v2\/pages\/160\/revisions\/173"}],"wp:attachment":[{"href":"https:\/\/szkolastraszyn.pruszczgdanski.pl\/index.php?rest_route=%2Fwp%2Fv2%2Fmedia&parent=160"}],"curies":[{"name":"wp","href":"https:\/\/api.w.org\/{rel}","templated":true}]}}